{"id":58,"date":"2016-09-21T11:41:45","date_gmt":"2016-09-21T09:41:45","guid":{"rendered":"https:\/\/kaosedizionicom.wordpress.com\/?page_id=58"},"modified":"2022-07-04T11:12:47","modified_gmt":"2022-07-04T09:12:47","slug":"comunicati-news","status":"publish","type":"page","link":"https:\/\/kaosedizioni.com\/?page_id=58","title":{"rendered":"Comunicati. News"},"content":{"rendered":"\n<p><\/p>\n\n\n\n<p><strong>Promemoria per i 3 nipoti di Denis Bergamini<\/strong><\/p>\n\n\n\n<p>L\u20198 dicembre 2009 (cio\u00e8 8 anni dopo la pubblicazione del libro \u201cIl calciatore suicidato\u201d di Carlo Petrini), il giornalista cosentino Alfredo Iuliano intervist\u00f2, nella loro abitazione, Domizio e Donata Bergamini. Il filmato della intervista \u00e8 disponibile su Youtube (divisa in 6 parti: <a rel=\"noreferrer noopener\" href=\"https:\/\/www.youtube.com\/watch?v=kzCLxDd2v9A\" target=\"_blank\">1<\/a>, <a rel=\"noreferrer noopener\" href=\"https:\/\/www.youtube.com\/watch?v=AcO_HKZEzUQ\" target=\"_blank\">2<\/a>, <a rel=\"noreferrer noopener\" href=\"https:\/\/www.youtube.com\/watch?v=KcRS5UHd6G8\" target=\"_blank\">3<\/a>, <a rel=\"noreferrer noopener\" href=\"https:\/\/www.youtube.com\/watch?v=CgF3TCIlyuU\" target=\"_blank\">4<\/a>, <a rel=\"noreferrer noopener\" href=\"https:\/\/www.youtube.com\/watch?v=pIFYKVmU4gw\" target=\"_blank\">5<\/a>, <a rel=\"noreferrer noopener\" href=\"https:\/\/www.youtube.com\/watch?v=KNgcrxhze-8\" target=\"_blank\">6<\/a>). Come si pu\u00f2 verificare, gli intervistati riprendono le stesse tematiche riportate nel libro di Petrini.<\/p>\n\n\n\n<p>Nel corso dell&#8217;intervista, Donata Bergamini ribad\u00ec gli apprezzamenti della famiglia Bergamini per il libro \u201cIl calciatore suicidato\u201d (pubblicato 8 anni prima) dichiarando: \u00abDevo ringraziare Carlo Petrini per ci\u00f2 che ha fatto. Perch\u00e9 \u00e8 grazie al suo libro che oggi siamo qua. Anche perch\u00e9 Carlo&#8230; probabilmente il suo libro da certe persone \u00e8 stato frainteso. Il libro di Carlo sono supposizioni&#8230; dove lui dichiara le testimonianze, che invece sono vere&#8230; Lui mette in gioco tutto, perch\u00e9 lui voleva e sperava, con questo libro, che qualcuno parlasse, che si muovesse. Quindi lui non ha lasciato nulla al caso, penso che meglio di cos\u00ec non potesse fare&#8230; \u00c8 stato un libro provocatorio, e noi eravamo d&#8217;accordo di questo\u00bb. <\/p>\n\n\n\n<p><\/p>\n\n\n\n<hr class=\"wp-block-separator is-style-wide\"\/>\n\n\n\n<p><br><a rel=\"noreferrer noopener\" href=\"https:\/\/kaosedizioni.com\/wp-content\/uploads\/2022\/06\/Comunicato-28-06-2022.pdf\" target=\"_blank\"><strong>Denis Bergamini: Comunicato di smentita del 28 giugno 2022<\/strong><\/a><\/p>\n\n\n\n<hr class=\"wp-block-separator\"\/>\n\n\n\n<p><strong><a rel=\"noreferrer noopener\" href=\"https:\/\/kaosedizioni.com\/wp-content\/uploads\/2022\/04\/Il-Fatto-quotidiano-12-4-2022.pdf\" target=\"_blank\">&#8220;Il Fatto quotidiano&#8221;, 12 aprile 2022: anticipazione del libro DELITTO MORO. CARTE NASCOSTE.<\/a><\/strong><\/p>\n\n\n\n<p><\/p>\n\n\n\n<hr class=\"wp-block-separator\"\/>\n\n\n\n<p class=\"has-text-align-left\"><a rel=\"noreferrer noopener\" href=\"https:\/\/www.machina-deriveapprodi.com\/post\/l-anticapitalismo-imperfetto\" target=\"_blank\"><strong>&#8220;Machina&#8221;, 24 luglio 2021: Francesca Pasini scrive<\/strong> &#8220;<\/a><strong><a rel=\"noreferrer noopener\" href=\"https:\/\/www.machina-deriveapprodi.com\/post\/l-anticapitalismo-imperfetto\" target=\"_blank\">L&#8217;ANTICAPITALISMO IMPERFETTO. Considerazioni sull\u2019ultimo libro di Giorgio Galli, e altro<\/a>&#8220;.<\/strong><\/p>\n\n\n\n<p><a rel=\"noreferrer noopener\" href=\"https:\/\/www.affaritaliani.it\/libri-editori\/vaccino-covid-galli-eleggere-a-suffragio-universale-cda-di-multinazionali-731022_pg_1.html\" target=\"_blank\"><strong>&#8220;affaritaliani-it&#8221;, 26 marzo 2021: recensione di Carlo Patrignani del libro di Giorgio Galli L&#8217;ANTICAPITALISMO IMPERFETTO.<\/strong><\/a><\/p>\n\n\n\n<p><a rel=\"noreferrer noopener\" href=\"https:\/\/it.businessinsider.com\/superclass-a-suffragio-universale-lultima-provocazione-di-giorgio-galli-i-ceo-delle-multinazionali-siano-eletti-dai-cittadini\/\" target=\"_blank\"><strong>&#8220;Business Insider Italia&#8221;, 27 febbraio 2021: recensione di Giuseppe Oddo del libro di Giorgio Galli L&#8217;ANTICAPITALISMO IMPERFETTO.<\/strong><\/a><\/p>\n\n\n\n<p><a rel=\"noreferrer noopener\" href=\"https:\/\/kaosedizioni.com\/wp-content\/uploads\/2021\/02\/paradigmi-interpretativi-del-sistema-dominante.pdf\" target=\"_blank\"><strong>&#8220;il manifesto&#8221;, 26 febbraio 2021: recensione di Claudio Vercelli  del libro di Giorgio Galli L&#8217;ANTICAPITALISMO IMPERFETTO.<\/strong><\/a><\/p>\n\n\n\n<p><a rel=\"noreferrer noopener\" href=\"https:\/\/www.radioradicale.it\/scheda\/622199\/lanticapitalismo-imperfetto-kaos-edizioni-intervista-al-prof-giorgio-galli\" target=\"_blank\"><span class=\"has-inline-color has-luminous-vivid-orange-color\"><strong>&#8220;Radio Radicale&#8221;, 24 novembre 2020: Lanfranco Palazzolo intervista Giorgio Galli sul suo nuovo libro L&#8217;ANTICAPITALISMO IMPERFETTO.<\/strong><\/span><\/a><\/p>\n\n\n\n<p><\/p>\n\n\n\n<hr class=\"wp-block-separator\"\/>\n\n\n\n<p><a href=\"https:\/\/www.ilfattoquotidiano.it\/in-edicola\/articoli\/2019\/11\/25\/la-commissione-moro-ha-nascosto-la-verita\/5578567\/\">&#8220;Il Fatto quotidiano&#8221;, 25 novembre 2019: Gianni Barbacetto scrive del nuovo libro di Sergio Flamigni RAPPORTO SUL CASO MORO.<\/a><\/p>\n\n\n\n<hr class=\"wp-block-separator\"\/>\n\n\n\n<p><a rel=\"noreferrer noopener\" aria-label=\" (opens in a new tab)\" href=\"https:\/\/kaosedizioni.com\/wp-content\/uploads\/2019\/07\/Venerdi\u0300-Repubblica-12-7-2019.pdf\" target=\"_blank\">&#8220;Il Venerd\u00ec di Repubblica&#8221;, 12 luglio 2019: Concetto Vecchio scrive di Sergio Flamigni e del suo nuovo libro DELITTO MORO. LA GRANDE MENZOGNA.<\/a><\/p>\n\n\n<hr>\n<p><a href=\"https:\/\/kaosedizioni.com\/wp-content\/uploads\/2019\/02\/il-fatto-quotidiano-25-02-2019.jpg\" target=\"_blank\" rel=\"noopener noreferrer\">&#8220;Il Fatto quotidiano&#8221;, 25 febbraio 2019: Furio Colombo recensisce&nbsp;<\/a><a href=\"https:\/\/kaosedizioni.com\/wp-content\/uploads\/2019\/02\/il-fatto-quotidiano-25-02-2019.jpg\" target=\"_blank\" rel=\"noopener noreferrer\">MARCO PANNELLA. LA ROSA NEL PUGNO.<\/a><\/p>\n<hr>\n<p><a href=\"http:\/\/agenziaradicale.com\/index.php\/cultura-e-spettacoli\/libri\/4253-conversazione-con-michele-de-lucia-sul-suo-libro-il-ducetto-di-rignano-sull-arno\" target=\"_blank\" rel=\"noopener noreferrer\">Agenzia Radicale, 7 ottobre&nbsp;2016: Michele De Lucia parla&nbsp;del suo libro <em>Il Ducetto di Rignano sull&#8217;Arno<\/em>.<\/a><\/p>\n<hr>\n<p style=\"text-align: justify;\"><a href=\"http:\/\/www.ansa.it\/sito\/notizie\/cultura\/unlibroalgiorno\/2016\/05\/19\/pannella-giornalista-non-solo-politico_5bcbdb8b-ad27-49be-8c2d-352ef1fbe35e.html\" target=\"_blank\" rel=\"noopener noreferrer\">Agenzia Ansa, 19 maggio 2016: MARCO PANNELLA. LA ROSA NEL PUGNO.<\/a><\/p>\n<hr>\n<p style=\"text-align: justify;\"><a href=\"https:\/\/kaosedizioni.com\/images\/stories\/fatto%20quotidiano%206-7-2016.jpg\" target=\"_blank\" rel=\"noopener noreferrer\">&#8220;Il Fatto quotidiano&#8221;, 6 luglio 2016, dal libro di Sergio Flamigni <em>I<\/em><em>l covo di Stato e la prigione fantasma<\/em>.<\/a><\/p>\n<p style=\"text-align: justify;\"><a href=\"http:\/\/ricerca.repubblica.it\/repubblica\/archivio\/repubblica\/2015\/10\/26\/segreti-e-bugie-quel-patto-occulto-sul-caso-moro41.html?ref=search\" target=\"_blank\" rel=\"noopener noreferrer\">&#8220;la Repubblica&#8221;, 26 ottobre 2015, recensione di Benedetta Tobagi del libro di Sergio Flamigni <em>Patto di omert\u00e0<\/em>.<\/a><\/p>\n<p style=\"text-align: justify;\"><a href=\"http:\/\/www.radioradicale.it\/scheda\/448324\/presentazione-del-volume-di-sergio-flamigni-patto-di-omerta-il-sequestro-e-luccisione\" target=\"_blank\" rel=\"noopener noreferrer\">Radio Radicale, registrazione della presentazione del 16 luglio 2015 alla Biblioteca del Senato.<\/a><\/p>\n<hr>\n<p style=\"text-align: justify;\"><a href=\"http:\/\/www.centrostudipierpaolopasolinicasarsa.it\/molteniblog\/pasolini-nel-duemila-di-giorgio-galli\/\" target=\"_blank\" rel=\"noopener noreferrer\">&#8220;Pasolini nel Duemila&#8221;, Giorgio Galli sul blog di Angela Molteni\/Centro Studi Pier Paolo Pasolini Casarsa.<\/a><\/p>\n<hr>\n<p style=\"text-align: justify;\"><a title=\"Courtesy Gigia\" href=\"http:\/\/www.radioradicale.it\/scheda\/481027\/cinque-stelle-associati-il-movimento-dopo-grillo-presentazione-del-libro-di-paolo\" target=\"_blank\" rel=\"noopener noreferrer\">&#8220;Radio radicale&#8221;, 13 luglio 2016, presentazione del libro di Paolo Becchi&nbsp;<em>Cinquestelle &amp; Associati<\/em>.<\/a><\/p>\n<hr>\n\n\n<p><\/p>\n","protected":false},"excerpt":{"rendered":"<p>Promemoria per i 3 nipoti di Denis Bergamini L\u20198 dicembre 2009 (cio\u00e8 8 anni dopo la pubblicazione del libro \u201cIl calciatore suicidato\u201d di Carlo Petrini), il giornalista cosentino Alfredo Iuliano intervist\u00f2, nella loro abitazione, Domizio e Donata Bergamini. Il filmato della intervista \u00e8 disponibile su Youtube (divisa in 6 parti: 1, 2, 3, 4, 5, [&hellip;]<\/p>\n","protected":false},"author":2,"featured_media":0,"parent":0,"menu_order":0,"comment_status":"closed","ping_status":"closed","template":"","meta":{"spay_email":""},"jetpack_sharing_enabled":true,"jetpack_shortlink":"https:\/\/wp.me\/P7YVhT-W","_links":{"self":[{"href":"https:\/\/kaosedizioni.com\/index.php?rest_route=\/wp\/v2\/pages\/58"}],"collection":[{"href":"https:\/\/kaosedizioni.com\/index.php?rest_route=\/wp\/v2\/pages"}],"about":[{"href":"https:\/\/kaosedizioni.com\/index.php?rest_route=\/wp\/v2\/types\/page"}],"author":[{"embeddable":true,"href":"https:\/\/kaosedizioni.com\/index.php?rest_route=\/wp\/v2\/users\/2"}],"replies":[{"embeddable":true,"href":"https:\/\/kaosedizioni.com\/index.php?rest_route=%2Fwp%2Fv2%2Fcomments&post=58"}],"version-history":[{"count":34,"href":"https:\/\/kaosedizioni.com\/index.php?rest_route=\/wp\/v2\/pages\/58\/revisions"}],"predecessor-version":[{"id":3097,"href":"https:\/\/kaosedizioni.com\/index.php?rest_route=\/wp\/v2\/pages\/58\/revisions\/3097"}],"wp:attachment":[{"href":"https:\/\/kaosedizioni.com\/index.php?rest_route=%2Fwp%2Fv2%2Fmedia&parent=58"}],"curies":[{"name":"wp","href":"https:\/\/api.w.org\/{rel}","templated":true}]}}